{"id":684,"date":"2024-11-07T16:22:26","date_gmt":"2024-11-07T15:22:26","guid":{"rendered":"https:\/\/ospc.fr\/?post_type=tribe_events&#038;p=684"},"modified":"2024-11-07T16:35:30","modified_gmt":"2024-11-07T15:35:30","slug":"voix-celestes","status":"publish","type":"tribe_events","link":"https:\/\/ospc.fr\/index.php\/event\/voix-celestes\/","title":{"rendered":"VOIX C\u00c9LESTES"},"content":{"rendered":"<div  class=\"tribe-events-schedule tribe-clearfix\" >\n\t<h2 class=\"tribe-events-schedule__datetime\">\n\t\t<span class=\"tribe-events-schedule__date tribe-events-schedule__date--start\">\n\t\t\t8 d\u00e9cembre 2024\t\t<\/span>\n\n\t\t\t\t\t<span class=\"tribe-events-schedule__separator tribe-events-schedule__separator--date\">\n\t\t\t\t \u00e0 \t\t\t<\/span>\n\t\t\t<span class=\"tribe-events-schedule__time tribe-events-schedule__time--start\">\n\t\t\t\t16h00\t\t\t<\/span>\n\t\t\n\t\t\t<\/h2>\n<\/div>\n\n\n\n<p>Direction par Timothe Tosi<br>Soliste soprano, Audrey Omoga<br>\u00ab \u0152uvres de Faure, Gounod, Massenet, Donizetti \u2026 \u00bb<\/p>\n\n\n\n<figure class=\"wp-block-image size-large is-resized\"><img loading=\"lazy\" decoding=\"async\" width=\"683\" height=\"1024\" src=\"https:\/\/ospc.fr\/wp-content\/uploads\/2024\/11\/Z7A4325@05x-683x1024.jpg\" alt=\"Timothe Tosi\" class=\"wp-image-686\" style=\"width:283px;height:auto\" srcset=\"https:\/\/ospc.fr\/wp-content\/uploads\/2024\/11\/Z7A4325@05x-683x1024.jpg 683w, https:\/\/ospc.fr\/wp-content\/uploads\/2024\/11\/Z7A4325@05x-200x300.jpg 200w, https:\/\/ospc.fr\/wp-content\/uploads\/2024\/11\/Z7A4325@05x-768x1151.jpg 768w, https:\/\/ospc.fr\/wp-content\/uploads\/2024\/11\/Z7A4325@05x-1025x1536.jpg 1025w, https:\/\/ospc.fr\/wp-content\/uploads\/2024\/11\/Z7A4325@05x-1366x2048.jpg 1366w, https:\/\/ospc.fr\/wp-content\/uploads\/2024\/11\/Z7A4325@05x-500x750.jpg 500w, https:\/\/ospc.fr\/wp-content\/uploads\/2024\/11\/Z7A4325@05x-800x1199.jpg 800w, https:\/\/ospc.fr\/wp-content\/uploads\/2024\/11\/Z7A4325@05x-1280x1919.jpg 1280w, https:\/\/ospc.fr\/wp-content\/uploads\/2024\/11\/Z7A4325@05x-1920x2879.jpg 1920w, https:\/\/ospc.fr\/wp-content\/uploads\/2024\/11\/Z7A4325@05x-scaled.jpg 1708w\" sizes=\"auto, (max-width: 683px) 100vw, 683px\" \/><\/figure>\n\n\n<div  class=\"tribe-block tribe-block__event-price\" >\n\t\t<\/div>\n\n\n<div  class=\"tribe-block tribe-block__organizer__details tribe-clearfix\" >\n\t<div class=\"tribe-block__organizer__title\">\n\t\t<h3>Eptatonic<\/h3>\n\t<\/div>\n\t\t\t<\/div>\n\n\n<div  class=\"tribe-block tribe-block__venue tribe-clearfix tribe-block__venue--has-map\" >\n\t\n\t\n<div class=\"tribe-block__venue__meta\">\n\t<div class=\"tribe-block__venue__name\">\n\t\t<h3>\u00c9glise des Saintes Hosties &#8211; P\u00e9zilla la rivi\u00e8re<\/h3>\n\t<\/div>\n\n\t\n\t\t\t<address class=\"tribe-block__venue__address\">\n\t\t\t<span class=\"tribe-address\">\n\n<span class=\"tribe-street-address\">Rue de l&#039;\u00c9glise<\/span>\n\t\n\t\t<br>\n\t\t<span class=\"tribe-locality\">P\u00e9zilla-la-Rivi\u00e8re<\/span><span class=\"tribe-delimiter\">,<\/span>\n\n\n\t<span class=\"tribe-postal-code\">66370<\/span>\n\n\t<span class=\"tribe-country-name\">France<\/span>\n\n<\/span>\n\n\t\t\t\t\t\t\t<a class=\"tribe-events-gmap\" href=\"https:\/\/maps.google.com\/maps?f=q&#038;source=s_q&#038;hl=en&#038;geocode=&#038;q=Rue+de+l%26%23039%3B%C3%89glise+P%C3%A9zilla-la-Rivi%C3%A8re+66370+France\" title=\"Cliquez pour voir une carte Google Map\" target=\"_blank\" rel=\"noreferrer noopener\">+ Google Map<\/a>\t\t\t\t\t<\/address>\n\t\n\t\n\t\n\t<\/div>\n\t\n<div class=\"tribe-block__venue__map\">\n\t\n<iframe loading=\"lazy\"\n  title=\"L\u2018iframe Google maps affichant l\u2019adresse \u00e0 \u00c9glise des Saintes Hosties &#8211; P\u00e9zilla la rivi\u00e8re\"\n  aria-label=\"Plan des lieux\"\n  width=\"310px\"\n  height=\"256px\"\n  frameborder=\"0\" style=\"border:0\"\n  src=\"https:\/\/www.google.com\/maps\/embed\/v1\/place?key=AIzaSyDNsicAsP6-VuGtAb1O9riI3oc_NOb7IOU&#038;q=Rue+de+l%26%23039%3B%C3%89glise+P%C3%A9zilla-la-Rivi%C3%A8re+66370+France+&#038;zoom=10\" allowfullscreen>\n<\/iframe>\n<\/div>\n\n\t<\/div>\n\n\n\n\n\t<div  class=\"tribe-block tribe-block__events-link\" >\n\t\t<div class=\"tribe-events tribe-common\">\n\t\t\t<div class=\"tribe-events-c-subscribe-dropdown__container\">\n\t\t\t\t<div class=\"tribe-events-c-subscribe-dropdown\">\n\t\t\t\t\t<div class=\"tribe-common-c-btn-border tribe-events-c-subscribe-dropdown__button\">\n\t\t\t\t\t\t<svg  class=\"tribe-common-c-svgicon tribe-common-c-svgicon--cal-export tribe-events-c-subscribe-dropdown__export-icon\"  viewBox=\"0 0 23 17\" xmlns=\"http:\/\/www.w3.org\/2000\/svg\">\n  <path fill-rule=\"evenodd\" clip-rule=\"evenodd\" d=\"M.128.896V16.13c0 .211.145.383.323.383h15.354c.179 0 .323-.172.323-.383V.896c0-.212-.144-.383-.323-.383H.451C.273.513.128.684.128.896Zm16 6.742h-.901V4.679H1.009v10.729h14.218v-3.336h.901V7.638ZM1.01 1.614h14.218v2.058H1.009V1.614Z\" \/>\n  <path d=\"M20.5 9.846H8.312M18.524 6.953l2.89 2.909-2.855 2.855\" stroke-width=\"1.2\" stroke-linecap=\"round\" stroke-linejoin=\"round\"\/>\n<\/svg>\n\t\t\t\t\t\t<button\n\t\t\t\t\t\t\tclass=\"tribe-events-c-subscribe-dropdown__button-text\"\n\t\t\t\t\t\t\taria-expanded=\"false\"\n\t\t\t\t\t\t\taria-controls=\"tribe-events-subscribe-dropdown-content\"\n\t\t\t\t\t\t\taria-label=\"\"\n\t\t\t\t\t\t>\n\t\t\t\t\t\t\tAjouter au calendrier\t\t\t\t\t\t<\/button>\n\t\t\t\t\t\t<svg  class=\"tribe-common-c-svgicon tribe-common-c-svgicon--caret-down tribe-events-c-subscribe-dropdown__button-icon\"  viewBox=\"0 0 10 7\" xmlns=\"http:\/\/www.w3.org\/2000\/svg\" aria-hidden=\"true\"><path fill-rule=\"evenodd\" clip-rule=\"evenodd\" d=\"M1.008.609L5 4.6 8.992.61l.958.958L5 6.517.05 1.566l.958-.958z\" class=\"tribe-common-c-svgicon__svg-fill\"\/><\/svg>\n\t\t\t\t\t<\/div>\n\t\t\t\t\t<div id=\"tribe-events-subscribe-dropdown-content\" class=\"tribe-events-c-subscribe-dropdown__content\">\n\t\t\t\t\t\t<ul class=\"tribe-events-c-subscribe-dropdown__list\">\n\t\t\t\t\t\t\t\t\t\t\t\t\t\t\t<li class=\"tribe-events-c-subscribe-dropdown__list-item\">\n\t\t\t\t\t\t\t\t\t<a\n\t\t\t\t\t\t\t\t\t\thref=\"https:\/\/www.google.com\/calendar\/event?action=TEMPLATE&#038;dates=20241208T160000\/20241208T160000&#038;text=VOIX%20C%C3%89LESTES&#038;details=%3Cp%3EDirection+par+Timothe+Tosi%3Cbr%3ESoliste+soprano%2C+Audrey+Omoga%3Cbr%3E%C2%AB+%C5%92uvres+de+Faure%2C+Gounod%2C+Massenet%2C+Donizetti+%E2%80%A6+%C2%BB%3C%2Fp%3E+%3Cfigure+class%3D%22wp-block-image+size-large+is-resized%22%3E%3Cimg+src%3D%22https%3A%2F%2Fospc.fr%2Fwp-content%2Fuploads%2F2024%2F11%2FZ7A4325%4005x-683x1024.jpg%22+alt%3D%22Timothe+Tosi%22+class%3D%22wp-image-686%22+style%3D%22width%3A283px%3Bheight%3Aauto%22%2F%3E%3C%2Ffigure%3E&#038;location=\u00c9glise%20des%20Saintes%20Hosties%20&#8211;%20P\u00e9zilla%20la%20rivi\u00e8re,%20Rue%20de%20l&#039;\u00c9glise,%20P\u00e9zilla-la-Rivi\u00e8re,%2066370,%20France&#038;trp=false&#038;ctz=Europe\/Paris&#038;sprop=website:https:\/\/ospc.fr\"\n\t\t\t\t\t\t\t\t\t\tclass=\"tribe-events-c-subscribe-dropdown__list-item-link\"\n\t\t\t\t\t\t\t\t\t\ttarget=\"_blank\"\n\t\t\t\t\t\t\t\t\t\trel=\"noopener noreferrer nofollow noindex\"\n\t\t\t\t\t\t\t\t\t>\n\t\t\t\t\t\t\t\t\t\tGoogle Agenda\t\t\t\t\t\t\t\t\t<\/a>\n\t\t\t\t\t\t\t\t<\/li>\n\t\t\t\t\t\t\t\t\t\t\t\t\t\t\t<li class=\"tribe-events-c-subscribe-dropdown__list-item\">\n\t\t\t\t\t\t\t\t\t<a\n\t\t\t\t\t\t\t\t\t\thref=\"\"\n\t\t\t\t\t\t\t\t\t\tclass=\"tribe-events-c-subscribe-dropdown__list-item-link\"\n\t\t\t\t\t\t\t\t\t\ttarget=\"_blank\"\n\t\t\t\t\t\t\t\t\t\trel=\"noopener noreferrer nofollow noindex\"\n\t\t\t\t\t\t\t\t\t>\n\t\t\t\t\t\t\t\t\t\tiCalendar\t\t\t\t\t\t\t\t\t<\/a>\n\t\t\t\t\t\t\t\t<\/li>\n\t\t\t\t\t\t\t\t\t\t\t\t\t\t\t<li class=\"tribe-events-c-subscribe-dropdown__list-item\">\n\t\t\t\t\t\t\t\t\t<a\n\t\t\t\t\t\t\t\t\t\thref=\"\"\n\t\t\t\t\t\t\t\t\t\tclass=\"tribe-events-c-subscribe-dropdown__list-item-link\"\n\t\t\t\t\t\t\t\t\t\ttarget=\"_blank\"\n\t\t\t\t\t\t\t\t\t\trel=\"noopener noreferrer nofollow noindex\"\n\t\t\t\t\t\t\t\t\t>\n\t\t\t\t\t\t\t\t\t\tOutlook 365\t\t\t\t\t\t\t\t\t<\/a>\n\t\t\t\t\t\t\t\t<\/li>\n\t\t\t\t\t\t\t\t\t\t\t\t\t\t\t<li class=\"tribe-events-c-subscribe-dropdown__list-item\">\n\t\t\t\t\t\t\t\t\t<a\n\t\t\t\t\t\t\t\t\t\thref=\"\"\n\t\t\t\t\t\t\t\t\t\tclass=\"tribe-events-c-subscribe-dropdown__list-item-link\"\n\t\t\t\t\t\t\t\t\t\ttarget=\"_blank\"\n\t\t\t\t\t\t\t\t\t\trel=\"noopener noreferrer nofollow noindex\"\n\t\t\t\t\t\t\t\t\t>\n\t\t\t\t\t\t\t\t\t\tOutlook Live\t\t\t\t\t\t\t\t\t<\/a>\n\t\t\t\t\t\t\t\t<\/li>\n\t\t\t\t\t\t\t\t\t\t\t\t\t<\/ul>\n\t\t\t\t\t<\/div>\n\t\t\t\t<\/div>\n\t\t\t<\/div>\n\t\t<\/div>\n\t<\/div>\n\n","protected":false},"excerpt":{"rendered":"<p>Direction par Timothe TosiSoliste soprano, Audrey Omoga\u00ab \u0152uvres de Faure, Gounod, Massenet, Donizetti \u2026 \u00bb<\/p>\n","protected":false},"author":1,"featured_media":704,"comment_status":"closed","ping_status":"closed","template":"","meta":{"_EventAllDay":false,"_EventTimezone":"Europe\/Paris","_EventStartDate":"2024-12-08 16:00:00","_EventEndDate":"2024-12-08 16:00:00","_EventStartDateUTC":"2024-12-08 15:00:00","_EventEndDateUTC":"2024-12-08 15:00:00","_EventShowMap":false,"_EventShowMapLink":false,"_EventURL":"","_EventCost":"","_EventCostDescription":"","_EventCurrencySymbol":"\u20ac","_EventCurrencyCode":"EUR","_EventCurrencyPosition":"prefix","_EventDateTimeSeparator":" \u00e0 ","_EventTimeRangeSeparator":" - ","_EventOrganizerID":[605],"_EventVenueID":[628],"_OrganizerEmail":"","_OrganizerPhone":"","_OrganizerWebsite":"","_VenueAddress":"","_VenueCity":"","_VenueCountry":"","_VenueProvince":"","_VenueState":"","_VenueZip":"","_VenuePhone":"","_VenueURL":"","_VenueStateProvince":"","_VenueLat":"","_VenueLng":"","_VenueShowMap":false,"_VenueShowMapLink":false,"_tribe_events_status":"","_tribe_events_status_reason":"","footnotes":""},"tags":[],"tribe_events_cat":[],"class_list":["post-684","tribe_events","type-tribe_events","status-publish","has-post-thumbnail","hentry"],"yoast_head":"<!-- This site is optimized with the Yoast SEO plugin v23.8 - https:\/\/yoast.com\/wordpress\/plugins\/seo\/ -->\n<title>VOIX C\u00c9LESTES - OPC - Orchestre Perpignan Catalogne<\/title>\n<meta name=\"robots\" content=\"index, follow, max-snippet:-1, max-image-preview:large, max-video-preview:-1\" \/>\n<link rel=\"canonical\" href=\"https:\/\/ospc.fr\/index.php\/event\/voix-celestes\/\" \/>\n<meta property=\"og:locale\" content=\"fr_FR\" \/>\n<meta property=\"og:type\" content=\"article\" \/>\n<meta property=\"og:title\" content=\"VOIX C\u00c9LESTES - OPC - Orchestre Perpignan Catalogne\" \/>\n<meta property=\"og:description\" content=\"Direction par Timothe TosiSoliste soprano, Audrey Omoga\u00ab \u0152uvres de Faure, Gounod, Massenet, Donizetti \u2026 \u00bb\" \/>\n<meta property=\"og:url\" content=\"https:\/\/ospc.fr\/index.php\/event\/voix-celestes\/\" \/>\n<meta property=\"og:site_name\" content=\"OPC - Orchestre Perpignan Catalogne\" \/>\n<meta property=\"article:modified_time\" content=\"2024-11-07T15:35:30+00:00\" \/>\n<meta property=\"og:image\" content=\"https:\/\/ospc.fr\/wp-content\/uploads\/2024\/11\/Z7A4325-400px.jpg\" \/>\n\t<meta property=\"og:image:width\" content=\"400\" \/>\n\t<meta property=\"og:image:height\" content=\"600\" \/>\n\t<meta property=\"og:image:type\" content=\"image\/jpeg\" \/>\n<meta name=\"twitter:card\" content=\"summary_large_image\" \/>\n<meta name=\"twitter:label1\" content=\"Dur\u00e9e de lecture estim\u00e9e\" \/>\n\t<meta name=\"twitter:data1\" content=\"1 minute\" \/>\n<script type=\"application\/ld+json\" class=\"yoast-schema-graph\">{\"@context\":\"https:\/\/schema.org\",\"@graph\":[{\"@type\":\"WebPage\",\"@id\":\"https:\/\/ospc.fr\/index.php\/event\/voix-celestes\/\",\"url\":\"https:\/\/ospc.fr\/index.php\/event\/voix-celestes\/\",\"name\":\"VOIX C\u00c9LESTES - OPC - Orchestre Perpignan Catalogne\",\"isPartOf\":{\"@id\":\"https:\/\/ospc.fr\/#website\"},\"primaryImageOfPage\":{\"@id\":\"https:\/\/ospc.fr\/index.php\/event\/voix-celestes\/#primaryimage\"},\"image\":{\"@id\":\"https:\/\/ospc.fr\/index.php\/event\/voix-celestes\/#primaryimage\"},\"thumbnailUrl\":\"https:\/\/ospc.fr\/wp-content\/uploads\/2024\/11\/Z7A4325-400px.jpg\",\"datePublished\":\"2024-11-07T15:22:26+00:00\",\"dateModified\":\"2024-11-07T15:35:30+00:00\",\"breadcrumb\":{\"@id\":\"https:\/\/ospc.fr\/index.php\/event\/voix-celestes\/#breadcrumb\"},\"inLanguage\":\"fr-FR\",\"potentialAction\":[{\"@type\":\"ReadAction\",\"target\":[\"https:\/\/ospc.fr\/index.php\/event\/voix-celestes\/\"]}]},{\"@type\":\"ImageObject\",\"inLanguage\":\"fr-FR\",\"@id\":\"https:\/\/ospc.fr\/index.php\/event\/voix-celestes\/#primaryimage\",\"url\":\"https:\/\/ospc.fr\/wp-content\/uploads\/2024\/11\/Z7A4325-400px.jpg\",\"contentUrl\":\"https:\/\/ospc.fr\/wp-content\/uploads\/2024\/11\/Z7A4325-400px.jpg\",\"width\":400,\"height\":600},{\"@type\":\"BreadcrumbList\",\"@id\":\"https:\/\/ospc.fr\/index.php\/event\/voix-celestes\/#breadcrumb\",\"itemListElement\":[{\"@type\":\"ListItem\",\"position\":1,\"name\":\"Accueil\",\"item\":\"https:\/\/ospc.fr\/\"},{\"@type\":\"ListItem\",\"position\":2,\"name\":\"\u00c9v\u00e8nements\",\"item\":\"https:\/\/ospc.fr\/index.php\/events\/\"},{\"@type\":\"ListItem\",\"position\":3,\"name\":\"VOIX C\u00c9LESTES\"}]},{\"@type\":\"WebSite\",\"@id\":\"https:\/\/ospc.fr\/#website\",\"url\":\"https:\/\/ospc.fr\/\",\"name\":\"OPC - Orchestre Perpignan Catalogne\",\"description\":\"Site Officiel OPC - Orchestre Perpignan Catalogne\",\"publisher\":{\"@id\":\"https:\/\/ospc.fr\/#organization\"},\"potentialAction\":[{\"@type\":\"SearchAction\",\"target\":{\"@type\":\"EntryPoint\",\"urlTemplate\":\"https:\/\/ospc.fr\/?s={search_term_string}\"},\"query-input\":{\"@type\":\"PropertyValueSpecification\",\"valueRequired\":true,\"valueName\":\"search_term_string\"}}],\"inLanguage\":\"fr-FR\"},{\"@type\":\"Organization\",\"@id\":\"https:\/\/ospc.fr\/#organization\",\"name\":\"OPC - Orchestre Perpignan Catalogne\",\"url\":\"https:\/\/ospc.fr\/\",\"logo\":{\"@type\":\"ImageObject\",\"inLanguage\":\"fr-FR\",\"@id\":\"https:\/\/ospc.fr\/#\/schema\/logo\/image\/\",\"url\":\"https:\/\/ospc.fr\/wp-content\/uploads\/2024\/03\/Logo-Banner-sans-fond-V2.png\",\"contentUrl\":\"https:\/\/ospc.fr\/wp-content\/uploads\/2024\/03\/Logo-Banner-sans-fond-V2.png\",\"width\":1383,\"height\":350,\"caption\":\"OPC - Orchestre Perpignan Catalogne\"},\"image\":{\"@id\":\"https:\/\/ospc.fr\/#\/schema\/logo\/image\/\"}}]}<\/script>\n<!-- \/ Yoast SEO plugin. -->","yoast_head_json":{"title":"VOIX C\u00c9LESTES - OPC - Orchestre Perpignan Catalogne","robots":{"index":"index","follow":"follow","max-snippet":"max-snippet:-1","max-image-preview":"max-image-preview:large","max-video-preview":"max-video-preview:-1"},"canonical":"https:\/\/ospc.fr\/index.php\/event\/voix-celestes\/","og_locale":"fr_FR","og_type":"article","og_title":"VOIX C\u00c9LESTES - OPC - Orchestre Perpignan Catalogne","og_description":"Direction par Timothe TosiSoliste soprano, Audrey Omoga\u00ab \u0152uvres de Faure, Gounod, Massenet, Donizetti \u2026 \u00bb","og_url":"https:\/\/ospc.fr\/index.php\/event\/voix-celestes\/","og_site_name":"OPC - Orchestre Perpignan Catalogne","article_modified_time":"2024-11-07T15:35:30+00:00","og_image":[{"width":400,"height":600,"url":"https:\/\/ospc.fr\/wp-content\/uploads\/2024\/11\/Z7A4325-400px.jpg","type":"image\/jpeg"}],"twitter_card":"summary_large_image","twitter_misc":{"Dur\u00e9e de lecture estim\u00e9e":"1 minute"},"schema":{"@context":"https:\/\/schema.org","@graph":[{"@type":"WebPage","@id":"https:\/\/ospc.fr\/index.php\/event\/voix-celestes\/","url":"https:\/\/ospc.fr\/index.php\/event\/voix-celestes\/","name":"VOIX C\u00c9LESTES - OPC - Orchestre Perpignan Catalogne","isPartOf":{"@id":"https:\/\/ospc.fr\/#website"},"primaryImageOfPage":{"@id":"https:\/\/ospc.fr\/index.php\/event\/voix-celestes\/#primaryimage"},"image":{"@id":"https:\/\/ospc.fr\/index.php\/event\/voix-celestes\/#primaryimage"},"thumbnailUrl":"https:\/\/ospc.fr\/wp-content\/uploads\/2024\/11\/Z7A4325-400px.jpg","datePublished":"2024-11-07T15:22:26+00:00","dateModified":"2024-11-07T15:35:30+00:00","breadcrumb":{"@id":"https:\/\/ospc.fr\/index.php\/event\/voix-celestes\/#breadcrumb"},"inLanguage":"fr-FR","potentialAction":[{"@type":"ReadAction","target":["https:\/\/ospc.fr\/index.php\/event\/voix-celestes\/"]}]},{"@type":"ImageObject","inLanguage":"fr-FR","@id":"https:\/\/ospc.fr\/index.php\/event\/voix-celestes\/#primaryimage","url":"https:\/\/ospc.fr\/wp-content\/uploads\/2024\/11\/Z7A4325-400px.jpg","contentUrl":"https:\/\/ospc.fr\/wp-content\/uploads\/2024\/11\/Z7A4325-400px.jpg","width":400,"height":600},{"@type":"BreadcrumbList","@id":"https:\/\/ospc.fr\/index.php\/event\/voix-celestes\/#breadcrumb","itemListElement":[{"@type":"ListItem","position":1,"name":"Accueil","item":"https:\/\/ospc.fr\/"},{"@type":"ListItem","position":2,"name":"\u00c9v\u00e8nements","item":"https:\/\/ospc.fr\/index.php\/events\/"},{"@type":"ListItem","position":3,"name":"VOIX C\u00c9LESTES"}]},{"@type":"WebSite","@id":"https:\/\/ospc.fr\/#website","url":"https:\/\/ospc.fr\/","name":"OPC - Orchestre Perpignan Catalogne","description":"Site Officiel OPC - Orchestre Perpignan Catalogne","publisher":{"@id":"https:\/\/ospc.fr\/#organization"},"potentialAction":[{"@type":"SearchAction","target":{"@type":"EntryPoint","urlTemplate":"https:\/\/ospc.fr\/?s={search_term_string}"},"query-input":{"@type":"PropertyValueSpecification","valueRequired":true,"valueName":"search_term_string"}}],"inLanguage":"fr-FR"},{"@type":"Organization","@id":"https:\/\/ospc.fr\/#organization","name":"OPC - Orchestre Perpignan Catalogne","url":"https:\/\/ospc.fr\/","logo":{"@type":"ImageObject","inLanguage":"fr-FR","@id":"https:\/\/ospc.fr\/#\/schema\/logo\/image\/","url":"https:\/\/ospc.fr\/wp-content\/uploads\/2024\/03\/Logo-Banner-sans-fond-V2.png","contentUrl":"https:\/\/ospc.fr\/wp-content\/uploads\/2024\/03\/Logo-Banner-sans-fond-V2.png","width":1383,"height":350,"caption":"OPC - Orchestre Perpignan Catalogne"},"image":{"@id":"https:\/\/ospc.fr\/#\/schema\/logo\/image\/"}}]}},"_links":{"self":[{"href":"https:\/\/ospc.fr\/index.php\/wp-json\/wp\/v2\/tribe_events\/684","targetHints":{"allow":["GET"]}}],"collection":[{"href":"https:\/\/ospc.fr\/index.php\/wp-json\/wp\/v2\/tribe_events"}],"about":[{"href":"https:\/\/ospc.fr\/index.php\/wp-json\/wp\/v2\/types\/tribe_events"}],"author":[{"embeddable":true,"href":"https:\/\/ospc.fr\/index.php\/wp-json\/wp\/v2\/users\/1"}],"replies":[{"embeddable":true,"href":"https:\/\/ospc.fr\/index.php\/wp-json\/wp\/v2\/comments?post=684"}],"version-history":[{"count":3,"href":"https:\/\/ospc.fr\/index.php\/wp-json\/wp\/v2\/tribe_events\/684\/revisions"}],"predecessor-version":[{"id":701,"href":"https:\/\/ospc.fr\/index.php\/wp-json\/wp\/v2\/tribe_events\/684\/revisions\/701"}],"wp:featuredmedia":[{"embeddable":true,"href":"https:\/\/ospc.fr\/index.php\/wp-json\/wp\/v2\/media\/704"}],"wp:attachment":[{"href":"https:\/\/ospc.fr\/index.php\/wp-json\/wp\/v2\/media?parent=684"}],"wp:term":[{"taxonomy":"post_tag","embeddable":true,"href":"https:\/\/ospc.fr\/index.php\/wp-json\/wp\/v2\/tags?post=684"},{"taxonomy":"tribe_events_cat","embeddable":true,"href":"https:\/\/ospc.fr\/index.php\/wp-json\/wp\/v2\/tribe_events_cat?post=684"}],"curies":[{"name":"wp","href":"https:\/\/api.w.org\/{rel}","templated":true}]}}