{"id":728,"date":"2026-02-10T10:30:38","date_gmt":"2026-02-10T09:30:38","guid":{"rendered":"https:\/\/ospc.fr\/?post_type=tribe_events&#038;p=728"},"modified":"2026-02-10T10:30:39","modified_gmt":"2026-02-10T09:30:39","slug":"concert-requiem-mozaart","status":"publish","type":"tribe_events","link":"https:\/\/ospc.fr\/index.php\/event\/concert-requiem-mozaart\/","title":{"rendered":"Concert \u00ab\u00a0Requiem Mozaart\u00a0\u00bb"},"content":{"rendered":"<div  class=\"tribe-events-schedule tribe-clearfix\" >\n\t<h2 class=\"tribe-events-schedule__datetime\">\n\t\t<span class=\"tribe-events-schedule__date tribe-events-schedule__date--start\">\n\t\t\t14 mars\t\t<\/span>\n\n\t\t\t\t\t<span class=\"tribe-events-schedule__separator tribe-events-schedule__separator--date\">\n\t\t\t\t \u00e0 \t\t\t<\/span>\n\t\t\t<span class=\"tribe-events-schedule__time tribe-events-schedule__time--start\">\n\t\t\t\t18h00\t\t\t<\/span>\n\t\t\n\t\t\t\t\t\t\t\t\t<span class=\"tribe-events-schedule__separator tribe-events-schedule__separator--time\">\n\t\t\t\t\t &#8211; \t\t\t\t<\/span>\n\t\t\t\n\t\t\t\t\t\t\t<span class=\"tribe-events-schedule__time tribe-events-schedule__time--end\">\n\t\t\t\t\t20h00\t\t\t\t<\/span>\n\t\t\t\n\t\t\t\t\t\t<\/h2>\n<\/div>\n\n\n\n<p>Le chef-d\u2019\u0153uvre absolu de Mozart&nbsp;<\/p>\n\n\n\n<p>Ecrit les tous derniers mois de sa vie, Le Requiem est sans conteste possible l\u2019une des \u0153uvres majeures de la musique occidentale, un monument que l\u2019on se pla\u00eet \u00e0 \u00e9couter et r\u00e9\u00e9couter tant il porte toute la force expressive de l\u2019Homme face \u00e0 la mort, face \u00e0 Dieu, avec le poids de toute sa mis\u00e8re et, presque paradoxalement, l\u2019espoir d\u2019un monde meilleur. Et si, tout \u00e0 sa composition et \u00e0 la cr\u00e9ation de La fl\u00fbte enchant\u00e9e, malade, Mozart ne l\u2019a pas termin\u00e9, tout ce qu\u2019il a \u00e9crit touche au sublime, entre m\u00e9lodies qui toujours oscillent entre douceur et douleur, lumi\u00e8re et tristesse, intimit\u00e9 et grandiloquence, et paroles mystiques qui soulignent autant nos \u00e9tats d\u2019\u00e2me que ce que nous avons de plus profond\u00e9ment enfoui en nous. Reflet merveilleux d&rsquo;un \u00eatre humain face \u00e0 la fin de la vie et ce qui vient apr\u00e8s, Le Requiem, magnifiquement interpr\u00e9t\u00e9 par l\u2019Orchestre Perpignan Catalogne, les Ch\u0153urs et Solistes, sous la baguette de Daniel Tosi, va bien au-del\u00e0 du domaine de la musique pour atteindre la r\u00e9sonance universelle. Il se transforme, d\u00e8s lors en un op\u00e9ra de la vie et de la mort qui nous fait vibrer autant sur le plan musical que spirituel.&nbsp;<\/p>\n\n\n\n<p>Une \u00e9ruption d\u2019\u00e9motions, un cri d\u2019\u00e9ternit\u00e9, une pri\u00e8re en feu<\/p>\n\n\n\n<p>Orchestre Perpignan Catalogne<br>Ch\u0153ur et solistes de l\u2019Orchestre Perpignan Catalogne<br>Direction Daniel Tosi<\/p>\n\n\n\n<figure class=\"wp-block-image size-large\"><img loading=\"lazy\" decoding=\"async\" width=\"725\" height=\"1024\" src=\"https:\/\/ospc.fr\/wp-content\/uploads\/2026\/02\/REQUIEM-DE-MOZART-725x1024.jpg\" alt=\"\" class=\"wp-image-729\" srcset=\"https:\/\/ospc.fr\/wp-content\/uploads\/2026\/02\/REQUIEM-DE-MOZART-725x1024.jpg 725w, https:\/\/ospc.fr\/wp-content\/uploads\/2026\/02\/REQUIEM-DE-MOZART-212x300.jpg 212w, https:\/\/ospc.fr\/wp-content\/uploads\/2026\/02\/REQUIEM-DE-MOZART-768x1085.jpg 768w, https:\/\/ospc.fr\/wp-content\/uploads\/2026\/02\/REQUIEM-DE-MOZART-1087x1536.jpg 1087w, https:\/\/ospc.fr\/wp-content\/uploads\/2026\/02\/REQUIEM-DE-MOZART-500x707.jpg 500w, https:\/\/ospc.fr\/wp-content\/uploads\/2026\/02\/REQUIEM-DE-MOZART-800x1131.jpg 800w, https:\/\/ospc.fr\/wp-content\/uploads\/2026\/02\/REQUIEM-DE-MOZART.jpg 1200w\" sizes=\"auto, (max-width: 725px) 100vw, 725px\" \/><\/figure>\n\n\n<div  class=\"tribe-block tribe-block__event-price\" >\n\t\t<\/div>\n\n\n<div  class=\"tribe-block tribe-block__organizer__details tribe-clearfix\" >\n\t<div class=\"tribe-block__organizer__title\">\n\t\t<h3>Eptatonic<\/h3>\n\t<\/div>\n\t\t\t<\/div>\n\n\n<div  class=\"tribe-block tribe-block__venue tribe-clearfix tribe-block__venue--has-map\" >\n\t\n\t\n<div class=\"tribe-block__venue__meta\">\n\t<div class=\"tribe-block__venue__name\">\n\t\t<h3>Palais des Congr\u00e8s de Perpignan<\/h3>\n\t<\/div>\n\n\t\n\t\t\t<address class=\"tribe-block__venue__address\">\n\t\t\t<span class=\"tribe-address\">\n\n<span class=\"tribe-street-address\">Place Armand Lanoux<\/span>\n\t\n\t\t<br>\n\t\t<span class=\"tribe-locality\">Perpignan<\/span><span class=\"tribe-delimiter\">,<\/span>\n\n\n\t<span class=\"tribe-postal-code\">66000<\/span>\n\n\t<span class=\"tribe-country-name\">France<\/span>\n\n<\/span>\n\n\t\t\t\t\t\t\t<a class=\"tribe-events-gmap\" href=\"https:\/\/maps.google.com\/maps?f=q&#038;source=s_q&#038;hl=en&#038;geocode=&#038;q=Place+Armand+Lanoux+Perpignan+66000+France\" title=\"Cliquez pour voir une carte Google Map\" target=\"_blank\" rel=\"noreferrer noopener\">+ Google Map<\/a>\t\t\t\t\t<\/address>\n\t\n\t\t\t<span class=\"tribe-block__venue__phone\">04 68 68 26 26<\/span><br \/>\n\t\n\t\t\t<span class=\"tribe-block__venue__website\"><a href=\"https:\/\/www.congres-perpignan.com\" target=\"_self\" rel=\"external\">Voir Lieu site web<\/a><\/span><br \/>\n\t\n\t<\/div>\n\t\n<div class=\"tribe-block__venue__map\">\n\t\n<iframe loading=\"lazy\"\n  title=\"L\u2018iframe Google maps affichant l\u2019adresse \u00e0 Palais des Congr\u00e8s de Perpignan\"\n  aria-label=\"Plan des lieux\"\n  width=\"310px\"\n  height=\"256px\"\n  frameborder=\"0\" style=\"border:0\"\n  src=\"https:\/\/www.google.com\/maps\/embed\/v1\/place?key=AIzaSyDNsicAsP6-VuGtAb1O9riI3oc_NOb7IOU&#038;q=Place+Armand+Lanoux+Perpignan+66000+France+&#038;zoom=10\" allowfullscreen>\n<\/iframe>\n<\/div>\n\n\t<\/div>\n\n\n\n\n\t<div  class=\"tribe-block tribe-block__events-link\" >\n\t\t<div class=\"tribe-events tribe-common\">\n\t\t\t<div class=\"tribe-events-c-subscribe-dropdown__container\">\n\t\t\t\t<div class=\"tribe-events-c-subscribe-dropdown\">\n\t\t\t\t\t<div class=\"tribe-common-c-btn-border tribe-events-c-subscribe-dropdown__button\">\n\t\t\t\t\t\t<svg  class=\"tribe-common-c-svgicon tribe-common-c-svgicon--cal-export tribe-events-c-subscribe-dropdown__export-icon\"  viewBox=\"0 0 23 17\" xmlns=\"http:\/\/www.w3.org\/2000\/svg\">\n  <path fill-rule=\"evenodd\" clip-rule=\"evenodd\" d=\"M.128.896V16.13c0 .211.145.383.323.383h15.354c.179 0 .323-.172.323-.383V.896c0-.212-.144-.383-.323-.383H.451C.273.513.128.684.128.896Zm16 6.742h-.901V4.679H1.009v10.729h14.218v-3.336h.901V7.638ZM1.01 1.614h14.218v2.058H1.009V1.614Z\" \/>\n  <path d=\"M20.5 9.846H8.312M18.524 6.953l2.89 2.909-2.855 2.855\" stroke-width=\"1.2\" stroke-linecap=\"round\" stroke-linejoin=\"round\"\/>\n<\/svg>\n\t\t\t\t\t\t<button\n\t\t\t\t\t\t\tclass=\"tribe-events-c-subscribe-dropdown__button-text\"\n\t\t\t\t\t\t\taria-expanded=\"false\"\n\t\t\t\t\t\t\taria-controls=\"tribe-events-subscribe-dropdown-content\"\n\t\t\t\t\t\t\taria-label=\"\"\n\t\t\t\t\t\t>\n\t\t\t\t\t\t\tAjouter au calendrier\t\t\t\t\t\t<\/button>\n\t\t\t\t\t\t<svg  class=\"tribe-common-c-svgicon tribe-common-c-svgicon--caret-down tribe-events-c-subscribe-dropdown__button-icon\"  viewBox=\"0 0 10 7\" xmlns=\"http:\/\/www.w3.org\/2000\/svg\" aria-hidden=\"true\"><path fill-rule=\"evenodd\" clip-rule=\"evenodd\" d=\"M1.008.609L5 4.6 8.992.61l.958.958L5 6.517.05 1.566l.958-.958z\" class=\"tribe-common-c-svgicon__svg-fill\"\/><\/svg>\n\t\t\t\t\t<\/div>\n\t\t\t\t\t<div id=\"tribe-events-subscribe-dropdown-content\" class=\"tribe-events-c-subscribe-dropdown__content\">\n\t\t\t\t\t\t<ul class=\"tribe-events-c-subscribe-dropdown__list\">\n\t\t\t\t\t\t\t\t\t\t\t\t\t\t\t<li class=\"tribe-events-c-subscribe-dropdown__list-item\">\n\t\t\t\t\t\t\t\t\t<a\n\t\t\t\t\t\t\t\t\t\thref=\"https:\/\/www.google.com\/calendar\/event?action=TEMPLATE&#038;dates=20260314T180000\/20260314T200000&#038;text=Concert%20%C2%AB%C2%A0Requiem%20Mozaart%C2%A0%C2%BB&#038;details=%3Cp%3ELe+chef-d%E2%80%99%C5%93uvre+absolu+de+Mozart%26nbsp%3B%3C%2Fp%3E+%3Cp%3EEcrit+les+tous+derniers+mois+de+sa+vie%2C+Le+Requiem+est+sans+conteste+possible+l%E2%80%99une+des+%C5%93uvres+majeures+de+la+musique+occidentale%2C+un+monument+que+l%E2%80%99on+se+pla%C3%AEt+%C3%A0+%C3%A9couter+et+r%C3%A9%C3%A9couter+tant+il+porte+toute+la+force+expressive+de+l%E2%80%99Homme+face+%C3%A0+la+mort%2C+face+%C3%A0+Dieu%2C+avec+le+poids+de+toute+sa+mis%C3%A8re+et%2C+presque+paradoxalement%2C+l%E2%80%99espoir+d%E2%80%99un+monde+meilleur.+Et+si%2C+tout+%C3%A0+sa+composition+et+%C3%A0+la+cr%C3%A9ation+de+La+fl%C3%BBte+enchant%C3%A9e%2C+malade%2C+Mozart+ne+l%E2%80%99a+pas+termin%C3%A9%2C+tout+ce+qu%E2%80%99il+a+%C3%A9crit+touche+au+sublime%2C+entre+m%C3%A9lodies+qui+toujours+oscillent+entre+douceur+et+douleur%2C+lumi%C3%A8re+et+tristesse%2C+intimit%C3%A9+et+grandiloquence%2C+et+paroles+mystiques+qui+soulignent+autant+nos+%C3%A9tats+d%E2%80%99%C3%A2me+que+ce+que+nous+avons+de+plus+profond%C3%A9ment+enfoui+en+nous.+Reflet+merveilleux+d%27un+%C3%AAtre+humain+face+%C3%A0+la+fin+de+la+vie+et+ce+qui+vient+apr%C3%A8s%2C+Le+Requiem%2C+magnifiquement+interpr%C3%A9t%C3%A9+par+l%E2%80%99Orchestre+Perpignan+Catalogne%2C+le%3C%2Fp%3E%28Voir+toute+la+description+de+%C3%A9v%C3%A8nement+ici%C2%A0%3A+https%3A%2F%2Fospc.fr%2Findex.php%2Fevent%2Fconcert-requiem-mozaart%2F%29&#038;location=Palais%20des%20Congr\u00e8s%20de%20Perpignan,%20Place%20Armand%20Lanoux,%20Perpignan,%2066000,%20France&#038;trp=false&#038;ctz=Europe\/Paris&#038;sprop=website:https:\/\/ospc.fr\"\n\t\t\t\t\t\t\t\t\t\tclass=\"tribe-events-c-subscribe-dropdown__list-item-link\"\n\t\t\t\t\t\t\t\t\t\ttarget=\"_blank\"\n\t\t\t\t\t\t\t\t\t\trel=\"noopener noreferrer nofollow noindex\"\n\t\t\t\t\t\t\t\t\t>\n\t\t\t\t\t\t\t\t\t\tGoogle Agenda\t\t\t\t\t\t\t\t\t<\/a>\n\t\t\t\t\t\t\t\t<\/li>\n\t\t\t\t\t\t\t\t\t\t\t\t\t\t\t<li class=\"tribe-events-c-subscribe-dropdown__list-item\">\n\t\t\t\t\t\t\t\t\t<a\n\t\t\t\t\t\t\t\t\t\thref=\"\"\n\t\t\t\t\t\t\t\t\t\tclass=\"tribe-events-c-subscribe-dropdown__list-item-link\"\n\t\t\t\t\t\t\t\t\t\ttarget=\"_blank\"\n\t\t\t\t\t\t\t\t\t\trel=\"noopener noreferrer nofollow noindex\"\n\t\t\t\t\t\t\t\t\t>\n\t\t\t\t\t\t\t\t\t\tiCalendar\t\t\t\t\t\t\t\t\t<\/a>\n\t\t\t\t\t\t\t\t<\/li>\n\t\t\t\t\t\t\t\t\t\t\t\t\t\t\t<li class=\"tribe-events-c-subscribe-dropdown__list-item\">\n\t\t\t\t\t\t\t\t\t<a\n\t\t\t\t\t\t\t\t\t\thref=\"\"\n\t\t\t\t\t\t\t\t\t\tclass=\"tribe-events-c-subscribe-dropdown__list-item-link\"\n\t\t\t\t\t\t\t\t\t\ttarget=\"_blank\"\n\t\t\t\t\t\t\t\t\t\trel=\"noopener noreferrer nofollow noindex\"\n\t\t\t\t\t\t\t\t\t>\n\t\t\t\t\t\t\t\t\t\tOutlook 365\t\t\t\t\t\t\t\t\t<\/a>\n\t\t\t\t\t\t\t\t<\/li>\n\t\t\t\t\t\t\t\t\t\t\t\t\t\t\t<li class=\"tribe-events-c-subscribe-dropdown__list-item\">\n\t\t\t\t\t\t\t\t\t<a\n\t\t\t\t\t\t\t\t\t\thref=\"\"\n\t\t\t\t\t\t\t\t\t\tclass=\"tribe-events-c-subscribe-dropdown__list-item-link\"\n\t\t\t\t\t\t\t\t\t\ttarget=\"_blank\"\n\t\t\t\t\t\t\t\t\t\trel=\"noopener noreferrer nofollow noindex\"\n\t\t\t\t\t\t\t\t\t>\n\t\t\t\t\t\t\t\t\t\tOutlook Live\t\t\t\t\t\t\t\t\t<\/a>\n\t\t\t\t\t\t\t\t<\/li>\n\t\t\t\t\t\t\t\t\t\t\t\t\t<\/ul>\n\t\t\t\t\t<\/div>\n\t\t\t\t<\/div>\n\t\t\t<\/div>\n\t\t<\/div>\n\t<\/div>\n\n","protected":false},"excerpt":{"rendered":"<p>Le chef-d\u2019\u0153uvre absolu de Mozart&nbsp; Ecrit les tous derniers mois de sa vie, Le Requiem est sans conteste possible l\u2019une des \u0153uvres majeures de la musique occidentale, un monument que l\u2019on se pla\u00eet \u00e0 \u00e9couter et r\u00e9\u00e9couter tant il porte toute la force expressive de l\u2019Homme face \u00e0 la mort, [&hellip;]<\/p>\n","protected":false},"author":1,"featured_media":729,"comment_status":"open","ping_status":"closed","template":"","meta":{"_EventAllDay":false,"_EventTimezone":"Europe\/Paris","_EventStartDate":"2026-03-14 18:00:00","_EventEndDate":"2026-03-14 20:00:00","_EventStartDateUTC":"2026-03-14 17:00:00","_EventEndDateUTC":"2026-03-14 19:00:00","_EventShowMap":false,"_EventShowMapLink":false,"_EventURL":"","_EventCost":"","_EventCostDescription":"","_EventCurrencySymbol":"\u20ac","_EventCurrencyCode":"EUR","_EventCurrencyPosition":"prefix","_EventDateTimeSeparator":" \u00e0 ","_EventTimeRangeSeparator":" - ","_EventOrganizerID":[605],"_EventVenueID":[730],"_OrganizerEmail":"","_OrganizerPhone":"","_OrganizerWebsite":"","_VenueAddress":"","_VenueCity":"","_VenueCountry":"","_VenueProvince":"","_VenueState":"","_VenueZip":"","_VenuePhone":"","_VenueURL":"","_VenueStateProvince":"","_VenueLat":"","_VenueLng":"","_VenueShowMap":false,"_VenueShowMapLink":false,"_tribe_events_status":"","_tribe_events_status_reason":"","footnotes":""},"tags":[],"tribe_events_cat":[],"class_list":["post-728","tribe_events","type-tribe_events","status-publish","has-post-thumbnail","hentry"],"yoast_head":"<!-- This site is optimized with the Yoast SEO plugin v23.8 - https:\/\/yoast.com\/wordpress\/plugins\/seo\/ -->\n<title>Concert &quot;Requiem Mozaart&quot; - OPC - Orchestre Perpignan Catalogne<\/title>\n<meta name=\"robots\" content=\"index, follow, max-snippet:-1, max-image-preview:large, max-video-preview:-1\" \/>\n<link rel=\"canonical\" href=\"https:\/\/ospc.fr\/index.php\/event\/concert-requiem-mozaart\/\" \/>\n<meta property=\"og:locale\" content=\"fr_FR\" \/>\n<meta property=\"og:type\" content=\"article\" \/>\n<meta property=\"og:title\" content=\"Concert &quot;Requiem Mozaart&quot; - OPC - Orchestre Perpignan Catalogne\" \/>\n<meta property=\"og:description\" content=\"Le chef-d\u2019\u0153uvre absolu de Mozart&nbsp; Ecrit les tous derniers mois de sa vie, Le Requiem est sans conteste possible l\u2019une des \u0153uvres majeures de la musique occidentale, un monument que l\u2019on se pla\u00eet \u00e0 \u00e9couter et r\u00e9\u00e9couter tant il porte toute la force expressive de l\u2019Homme face \u00e0 la mort, [&hellip;]\" \/>\n<meta property=\"og:url\" content=\"https:\/\/ospc.fr\/index.php\/event\/concert-requiem-mozaart\/\" \/>\n<meta property=\"og:site_name\" content=\"OPC - Orchestre Perpignan Catalogne\" \/>\n<meta property=\"article:modified_time\" content=\"2026-02-10T09:30:39+00:00\" \/>\n<meta property=\"og:image\" content=\"https:\/\/ospc.fr\/wp-content\/uploads\/2026\/02\/REQUIEM-DE-MOZART.jpg\" \/>\n\t<meta property=\"og:image:width\" content=\"1200\" \/>\n\t<meta property=\"og:image:height\" content=\"1696\" \/>\n\t<meta property=\"og:image:type\" content=\"image\/jpeg\" \/>\n<meta name=\"twitter:card\" content=\"summary_large_image\" \/>\n<meta name=\"twitter:label1\" content=\"Dur\u00e9e de lecture estim\u00e9e\" \/>\n\t<meta name=\"twitter:data1\" content=\"2 minutes\" \/>\n<script type=\"application\/ld+json\" class=\"yoast-schema-graph\">{\"@context\":\"https:\/\/schema.org\",\"@graph\":[{\"@type\":\"WebPage\",\"@id\":\"https:\/\/ospc.fr\/index.php\/event\/concert-requiem-mozaart\/\",\"url\":\"https:\/\/ospc.fr\/index.php\/event\/concert-requiem-mozaart\/\",\"name\":\"Concert \\\"Requiem Mozaart\\\" - OPC - Orchestre Perpignan Catalogne\",\"isPartOf\":{\"@id\":\"https:\/\/ospc.fr\/#website\"},\"primaryImageOfPage\":{\"@id\":\"https:\/\/ospc.fr\/index.php\/event\/concert-requiem-mozaart\/#primaryimage\"},\"image\":{\"@id\":\"https:\/\/ospc.fr\/index.php\/event\/concert-requiem-mozaart\/#primaryimage\"},\"thumbnailUrl\":\"https:\/\/ospc.fr\/wp-content\/uploads\/2026\/02\/REQUIEM-DE-MOZART.jpg\",\"datePublished\":\"2026-02-10T09:30:38+00:00\",\"dateModified\":\"2026-02-10T09:30:39+00:00\",\"breadcrumb\":{\"@id\":\"https:\/\/ospc.fr\/index.php\/event\/concert-requiem-mozaart\/#breadcrumb\"},\"inLanguage\":\"fr-FR\",\"potentialAction\":[{\"@type\":\"ReadAction\",\"target\":[\"https:\/\/ospc.fr\/index.php\/event\/concert-requiem-mozaart\/\"]}]},{\"@type\":\"ImageObject\",\"inLanguage\":\"fr-FR\",\"@id\":\"https:\/\/ospc.fr\/index.php\/event\/concert-requiem-mozaart\/#primaryimage\",\"url\":\"https:\/\/ospc.fr\/wp-content\/uploads\/2026\/02\/REQUIEM-DE-MOZART.jpg\",\"contentUrl\":\"https:\/\/ospc.fr\/wp-content\/uploads\/2026\/02\/REQUIEM-DE-MOZART.jpg\",\"width\":1200,\"height\":1696},{\"@type\":\"BreadcrumbList\",\"@id\":\"https:\/\/ospc.fr\/index.php\/event\/concert-requiem-mozaart\/#breadcrumb\",\"itemListElement\":[{\"@type\":\"ListItem\",\"position\":1,\"name\":\"Accueil\",\"item\":\"https:\/\/ospc.fr\/\"},{\"@type\":\"ListItem\",\"position\":2,\"name\":\"\u00c9v\u00e8nements\",\"item\":\"https:\/\/ospc.fr\/index.php\/events\/\"},{\"@type\":\"ListItem\",\"position\":3,\"name\":\"Concert \u00ab\u00a0Requiem Mozaart\u00a0\u00bb\"}]},{\"@type\":\"WebSite\",\"@id\":\"https:\/\/ospc.fr\/#website\",\"url\":\"https:\/\/ospc.fr\/\",\"name\":\"OPC - Orchestre Perpignan Catalogne\",\"description\":\"Site Officiel OPC - Orchestre Perpignan Catalogne\",\"publisher\":{\"@id\":\"https:\/\/ospc.fr\/#organization\"},\"potentialAction\":[{\"@type\":\"SearchAction\",\"target\":{\"@type\":\"EntryPoint\",\"urlTemplate\":\"https:\/\/ospc.fr\/?s={search_term_string}\"},\"query-input\":{\"@type\":\"PropertyValueSpecification\",\"valueRequired\":true,\"valueName\":\"search_term_string\"}}],\"inLanguage\":\"fr-FR\"},{\"@type\":\"Organization\",\"@id\":\"https:\/\/ospc.fr\/#organization\",\"name\":\"OPC - Orchestre Perpignan Catalogne\",\"url\":\"https:\/\/ospc.fr\/\",\"logo\":{\"@type\":\"ImageObject\",\"inLanguage\":\"fr-FR\",\"@id\":\"https:\/\/ospc.fr\/#\/schema\/logo\/image\/\",\"url\":\"https:\/\/ospc.fr\/wp-content\/uploads\/2024\/03\/Logo-Banner-sans-fond-V2.png\",\"contentUrl\":\"https:\/\/ospc.fr\/wp-content\/uploads\/2024\/03\/Logo-Banner-sans-fond-V2.png\",\"width\":1383,\"height\":350,\"caption\":\"OPC - Orchestre Perpignan Catalogne\"},\"image\":{\"@id\":\"https:\/\/ospc.fr\/#\/schema\/logo\/image\/\"}}]}<\/script>\n<!-- \/ Yoast SEO plugin. -->","yoast_head_json":{"title":"Concert \"Requiem Mozaart\" - OPC - Orchestre Perpignan Catalogne","robots":{"index":"index","follow":"follow","max-snippet":"max-snippet:-1","max-image-preview":"max-image-preview:large","max-video-preview":"max-video-preview:-1"},"canonical":"https:\/\/ospc.fr\/index.php\/event\/concert-requiem-mozaart\/","og_locale":"fr_FR","og_type":"article","og_title":"Concert \"Requiem Mozaart\" - OPC - Orchestre Perpignan Catalogne","og_description":"Le chef-d\u2019\u0153uvre absolu de Mozart&nbsp; Ecrit les tous derniers mois de sa vie, Le Requiem est sans conteste possible l\u2019une des \u0153uvres majeures de la musique occidentale, un monument que l\u2019on se pla\u00eet \u00e0 \u00e9couter et r\u00e9\u00e9couter tant il porte toute la force expressive de l\u2019Homme face \u00e0 la mort, [&hellip;]","og_url":"https:\/\/ospc.fr\/index.php\/event\/concert-requiem-mozaart\/","og_site_name":"OPC - Orchestre Perpignan Catalogne","article_modified_time":"2026-02-10T09:30:39+00:00","og_image":[{"width":1200,"height":1696,"url":"https:\/\/ospc.fr\/wp-content\/uploads\/2026\/02\/REQUIEM-DE-MOZART.jpg","type":"image\/jpeg"}],"twitter_card":"summary_large_image","twitter_misc":{"Dur\u00e9e de lecture estim\u00e9e":"2 minutes"},"schema":{"@context":"https:\/\/schema.org","@graph":[{"@type":"WebPage","@id":"https:\/\/ospc.fr\/index.php\/event\/concert-requiem-mozaart\/","url":"https:\/\/ospc.fr\/index.php\/event\/concert-requiem-mozaart\/","name":"Concert \"Requiem Mozaart\" - OPC - Orchestre Perpignan Catalogne","isPartOf":{"@id":"https:\/\/ospc.fr\/#website"},"primaryImageOfPage":{"@id":"https:\/\/ospc.fr\/index.php\/event\/concert-requiem-mozaart\/#primaryimage"},"image":{"@id":"https:\/\/ospc.fr\/index.php\/event\/concert-requiem-mozaart\/#primaryimage"},"thumbnailUrl":"https:\/\/ospc.fr\/wp-content\/uploads\/2026\/02\/REQUIEM-DE-MOZART.jpg","datePublished":"2026-02-10T09:30:38+00:00","dateModified":"2026-02-10T09:30:39+00:00","breadcrumb":{"@id":"https:\/\/ospc.fr\/index.php\/event\/concert-requiem-mozaart\/#breadcrumb"},"inLanguage":"fr-FR","potentialAction":[{"@type":"ReadAction","target":["https:\/\/ospc.fr\/index.php\/event\/concert-requiem-mozaart\/"]}]},{"@type":"ImageObject","inLanguage":"fr-FR","@id":"https:\/\/ospc.fr\/index.php\/event\/concert-requiem-mozaart\/#primaryimage","url":"https:\/\/ospc.fr\/wp-content\/uploads\/2026\/02\/REQUIEM-DE-MOZART.jpg","contentUrl":"https:\/\/ospc.fr\/wp-content\/uploads\/2026\/02\/REQUIEM-DE-MOZART.jpg","width":1200,"height":1696},{"@type":"BreadcrumbList","@id":"https:\/\/ospc.fr\/index.php\/event\/concert-requiem-mozaart\/#breadcrumb","itemListElement":[{"@type":"ListItem","position":1,"name":"Accueil","item":"https:\/\/ospc.fr\/"},{"@type":"ListItem","position":2,"name":"\u00c9v\u00e8nements","item":"https:\/\/ospc.fr\/index.php\/events\/"},{"@type":"ListItem","position":3,"name":"Concert \u00ab\u00a0Requiem Mozaart\u00a0\u00bb"}]},{"@type":"WebSite","@id":"https:\/\/ospc.fr\/#website","url":"https:\/\/ospc.fr\/","name":"OPC - Orchestre Perpignan Catalogne","description":"Site Officiel OPC - Orchestre Perpignan Catalogne","publisher":{"@id":"https:\/\/ospc.fr\/#organization"},"potentialAction":[{"@type":"SearchAction","target":{"@type":"EntryPoint","urlTemplate":"https:\/\/ospc.fr\/?s={search_term_string}"},"query-input":{"@type":"PropertyValueSpecification","valueRequired":true,"valueName":"search_term_string"}}],"inLanguage":"fr-FR"},{"@type":"Organization","@id":"https:\/\/ospc.fr\/#organization","name":"OPC - Orchestre Perpignan Catalogne","url":"https:\/\/ospc.fr\/","logo":{"@type":"ImageObject","inLanguage":"fr-FR","@id":"https:\/\/ospc.fr\/#\/schema\/logo\/image\/","url":"https:\/\/ospc.fr\/wp-content\/uploads\/2024\/03\/Logo-Banner-sans-fond-V2.png","contentUrl":"https:\/\/ospc.fr\/wp-content\/uploads\/2024\/03\/Logo-Banner-sans-fond-V2.png","width":1383,"height":350,"caption":"OPC - Orchestre Perpignan Catalogne"},"image":{"@id":"https:\/\/ospc.fr\/#\/schema\/logo\/image\/"}}]}},"_links":{"self":[{"href":"https:\/\/ospc.fr\/index.php\/wp-json\/wp\/v2\/tribe_events\/728","targetHints":{"allow":["GET"]}}],"collection":[{"href":"https:\/\/ospc.fr\/index.php\/wp-json\/wp\/v2\/tribe_events"}],"about":[{"href":"https:\/\/ospc.fr\/index.php\/wp-json\/wp\/v2\/types\/tribe_events"}],"author":[{"embeddable":true,"href":"https:\/\/ospc.fr\/index.php\/wp-json\/wp\/v2\/users\/1"}],"replies":[{"embeddable":true,"href":"https:\/\/ospc.fr\/index.php\/wp-json\/wp\/v2\/comments?post=728"}],"version-history":[{"count":1,"href":"https:\/\/ospc.fr\/index.php\/wp-json\/wp\/v2\/tribe_events\/728\/revisions"}],"predecessor-version":[{"id":731,"href":"https:\/\/ospc.fr\/index.php\/wp-json\/wp\/v2\/tribe_events\/728\/revisions\/731"}],"wp:featuredmedia":[{"embeddable":true,"href":"https:\/\/ospc.fr\/index.php\/wp-json\/wp\/v2\/media\/729"}],"wp:attachment":[{"href":"https:\/\/ospc.fr\/index.php\/wp-json\/wp\/v2\/media?parent=728"}],"wp:term":[{"taxonomy":"post_tag","embeddable":true,"href":"https:\/\/ospc.fr\/index.php\/wp-json\/wp\/v2\/tags?post=728"},{"taxonomy":"tribe_events_cat","embeddable":true,"href":"https:\/\/ospc.fr\/index.php\/wp-json\/wp\/v2\/tribe_events_cat?post=728"}],"curies":[{"name":"wp","href":"https:\/\/api.w.org\/{rel}","templated":true}]}}